{"id":18,"date":"2024-01-11T09:07:26","date_gmt":"2024-01-11T12:07:26","guid":{"rendered":"https:\/\/www.sbq.org.br\/interiorpaulista\/?page_id=18"},"modified":"2024-01-11T09:07:26","modified_gmt":"2024-01-11T12:07:26","slug":"noticias","status":"publish","type":"page","link":"https:\/\/www.sbq.org.br\/interiorpaulista\/noticias\/","title":{"rendered":"Not\u00edcias"},"content":{"rendered":"\n<section id=\"g5a46ed\" class=\"wp-block-gutentor-p4 section-g5a46ed gutentor-post-module gutentor-advanced-post-module\" data-gpid=\"18\" data-l-ani=\"gp4-animation-1\" data-i-b=\"gutentor\/p1\" data-maxnumpages=\"6\">\n\n<section class=\"gutentor-post-module section-d2175fb4-78b9-4ef5-a78d-dda117521ad6 gutentor-post-module-p1 gutentor_p1_template1 wp-block-gutentor-p1 gutentor-blog-grid\" id=\"d2175fb4-78b9-4ef5-a78d-dda117521ad6\" data-gbid=\"d2175fb4-78b9-4ef5-a78d-dda117521ad6\" >\n<div class='grid-container'><div class='grid-row' ><article class='gutentor-post  grid-lg-12 grid-md-4 grid-12'><div class='gutentor-post-item'><div class='gutentor-post-image-box'><div class=\"gutentor-image-thumb\"><img loading=\"lazy\" decoding=\"async\" width=\"1587\" height=\"2245\" src=\"https:\/\/www.sbq.org.br\/interiorpaulista\/wp-content\/uploads\/sites\/23\/2021\/02\/webinar-debates_2021edited.jpg\" class=\"attachment-full size-full wp-post-image\" alt=\"\" srcset=\"https:\/\/www.sbq.org.br\/interiorpaulista\/wp-content\/uploads\/sites\/23\/2021\/02\/webinar-debates_2021edited.jpg 1587w, https:\/\/www.sbq.org.br\/interiorpaulista\/wp-content\/uploads\/sites\/23\/2021\/02\/webinar-debates_2021edited-212x300.jpg 212w, https:\/\/www.sbq.org.br\/interiorpaulista\/wp-content\/uploads\/sites\/23\/2021\/02\/webinar-debates_2021edited-724x1024.jpg 724w, https:\/\/www.sbq.org.br\/interiorpaulista\/wp-content\/uploads\/sites\/23\/2021\/02\/webinar-debates_2021edited-768x1086.jpg 768w, https:\/\/www.sbq.org.br\/interiorpaulista\/wp-content\/uploads\/sites\/23\/2021\/02\/webinar-debates_2021edited-1086x1536.jpg 1086w, https:\/\/www.sbq.org.br\/interiorpaulista\/wp-content\/uploads\/sites\/23\/2021\/02\/webinar-debates_2021edited-1448x2048.jpg 1448w\" sizes=\"(max-width: 1587px) 100vw, 1587px\" \/><\/div><\/div><div class=\"gutentor-post-title-data-wrap\"><h3 class=\"gutentor-post-title\"><a href=\"https:\/\/www.sbq.org.br\/interiorpaulista\/programacao-completa-1o-semestre-2021-de-webinars-debate-da-secretaria-regional-da-sbq-interior-paulista-waldemar-safiotti\/\" rel=\"bookmark\">Programa\u00e7\u00e3o completa 1o semestre 2021 de webinars-debate da Secretaria Regional da SBQ Interior Paulista Waldemar Safiotti<\/a><\/h3><\/div><div class=\"gutentor-post-desc\">Confira a seguir a programa\u00e7\u00e3o completa dos Webinars da Secretaria Regional IPWS do primeiro semestr&hellip;<\/div><a class=\"gutentor-button gutentor-post-button\"  href=\"https:\/\/www.sbq.org.br\/interiorpaulista\/programacao-completa-1o-semestre-2021-de-webinars-debate-da-secretaria-regional-da-sbq-interior-paulista-waldemar-safiotti\/\" href=\"https:\/\/www.sbq.org.br\/interiorpaulista\/programacao-completa-1o-semestre-2021-de-webinars-debate-da-secretaria-regional-da-sbq-interior-paulista-waldemar-safiotti\/\"><span>Read More<\/span><\/a><\/div><\/article><article class='gutentor-post  grid-lg-12 grid-md-4 grid-12'><div class='gutentor-post-item'><div class='gutentor-post-image-box'><div class=\"gutentor-image-thumb\"><img loading=\"lazy\" decoding=\"async\" width=\"1027\" height=\"960\" src=\"https:\/\/www.sbq.org.br\/interiorpaulista\/wp-content\/uploads\/sites\/23\/2020\/10\/webinars-sbq-saffioti-semestre-2-2020.jpg\" class=\"attachment-full size-full wp-post-image\" alt=\"\" srcset=\"https:\/\/www.sbq.org.br\/interiorpaulista\/wp-content\/uploads\/sites\/23\/2020\/10\/webinars-sbq-saffioti-semestre-2-2020.jpg 1027w, https:\/\/www.sbq.org.br\/interiorpaulista\/wp-content\/uploads\/sites\/23\/2020\/10\/webinars-sbq-saffioti-semestre-2-2020-300x280.jpg 300w, https:\/\/www.sbq.org.br\/interiorpaulista\/wp-content\/uploads\/sites\/23\/2020\/10\/webinars-sbq-saffioti-semestre-2-2020-1024x957.jpg 1024w, https:\/\/www.sbq.org.br\/interiorpaulista\/wp-content\/uploads\/sites\/23\/2020\/10\/webinars-sbq-saffioti-semestre-2-2020-768x718.jpg 768w\" sizes=\"(max-width: 1027px) 100vw, 1027px\" \/><\/div><\/div><div class=\"gutentor-post-title-data-wrap\"><h3 class=\"gutentor-post-title\"><a href=\"https:\/\/www.sbq.org.br\/interiorpaulista\/webinars-da-secretaria-regional-de-interior-paulista-waldemar-saffioti-2020\/\" rel=\"bookmark\">Webinars da Secretaria Regional de Interior Paulista Waldemar Saffioti 2020<\/a><\/h3><\/div><div class=\"gutentor-post-desc\">Confira a seguir a programa\u00e7\u00e3o completa dos Webinars da Secretaria Regional IPWS de 2020.\n\nNo dia\u00a019&hellip;<\/div><a class=\"gutentor-button gutentor-post-button\"  href=\"https:\/\/www.sbq.org.br\/interiorpaulista\/webinars-da-secretaria-regional-de-interior-paulista-waldemar-saffioti-2020\/\" href=\"https:\/\/www.sbq.org.br\/interiorpaulista\/webinars-da-secretaria-regional-de-interior-paulista-waldemar-saffioti-2020\/\"><span>Read More<\/span><\/a><\/div><\/article><article class='gutentor-post gutentor-post-no-thumb  grid-lg-12 grid-md-4 grid-12'><div class='gutentor-post-item'><div class=\"gutentor-post-title-data-wrap\"><h3 class=\"gutentor-post-title\"><a href=\"https:\/\/www.sbq.org.br\/interiorpaulista\/programacao-completa-webinars-da-secretaria-regional-ipws\/\" rel=\"bookmark\">Programa\u00e7\u00e3o Completa Webinars da Secretaria Regional IPWS<\/a><\/h3><\/div><div class=\"gutentor-post-desc\">Divulgamos a programa\u00e7\u00e3o completa dos webinars a serem realizados em 2020 pela Secretaria Regional d&hellip;<\/div><a class=\"gutentor-button gutentor-post-button\"  href=\"https:\/\/www.sbq.org.br\/interiorpaulista\/programacao-completa-webinars-da-secretaria-regional-ipws\/\" href=\"https:\/\/www.sbq.org.br\/interiorpaulista\/programacao-completa-webinars-da-secretaria-regional-ipws\/\"><span>Read More<\/span><\/a><\/div><\/article><article class='gutentor-post gutentor-post-no-thumb  grid-lg-12 grid-md-4 grid-12'><div class='gutentor-post-item'><div class=\"gutentor-post-title-data-wrap\"><h3 class=\"gutentor-post-title\"><a href=\"https:\/\/www.sbq.org.br\/interiorpaulista\/estrategias-de-ensino-sem-aula-expositiva\/\" rel=\"bookmark\">Estrat\u00e9gias de Ensino sem Aula Expositiva<\/a><\/h3><\/div><div class=\"gutentor-post-desc\">O Instituto de Qu\u00edmica de S\u00e3o Carlos &ndash; IQSC\/USP recebe no dia 17\/4, o Professor Bayardo Baptis&hellip;<\/div><a class=\"gutentor-button gutentor-post-button\"  href=\"https:\/\/www.sbq.org.br\/interiorpaulista\/estrategias-de-ensino-sem-aula-expositiva\/\" href=\"https:\/\/www.sbq.org.br\/interiorpaulista\/estrategias-de-ensino-sem-aula-expositiva\/\"><span>Read More<\/span><\/a><\/div><\/article><article class='gutentor-post gutentor-post-no-thumb  grid-lg-12 grid-md-4 grid-12'><div class='gutentor-post-item'><div class=\"gutentor-post-title-data-wrap\"><h3 class=\"gutentor-post-title\"><a href=\"https:\/\/www.sbq.org.br\/interiorpaulista\/concurso-professor-doutor-fisico-quimica-ffclrp-usp\/\" rel=\"bookmark\">Concurso Professor Doutor &#8211; F\u00edsico-Qu\u00edmica &#8211; FFCLRP-USP<\/a><\/h3><\/div><div class=\"gutentor-post-desc\">Concurso Aberto: Professor Doutor &ndash; \u00e1rea de f\u00edsico-qu\u00edmica junto ao Departamento de Qu\u00edmica da&hellip;<\/div><a class=\"gutentor-button gutentor-post-button\"  href=\"https:\/\/www.sbq.org.br\/interiorpaulista\/concurso-professor-doutor-fisico-quimica-ffclrp-usp\/\" href=\"https:\/\/www.sbq.org.br\/interiorpaulista\/concurso-professor-doutor-fisico-quimica-ffclrp-usp\/\"><span>Read More<\/span><\/a><\/div><\/article><article class='gutentor-post gutentor-post-no-thumb  grid-lg-12 grid-md-4 grid-12'><div class='gutentor-post-item'><div class=\"gutentor-post-title-data-wrap\"><h3 class=\"gutentor-post-title\"><a href=\"https:\/\/www.sbq.org.br\/interiorpaulista\/sbq-eleicoes-2014\/\" rel=\"bookmark\">SBQ -Elei\u00e7\u00f5es 2014<\/a><\/h3><\/div><div class=\"gutentor-post-desc\">A partir de hoje 26\/03\/2014 a SBQ esta dando prosseguimento ao processo eleitoral eletr\u00f4nico para el&hellip;<\/div><a class=\"gutentor-button gutentor-post-button\"  href=\"https:\/\/www.sbq.org.br\/interiorpaulista\/sbq-eleicoes-2014\/\" href=\"https:\/\/www.sbq.org.br\/interiorpaulista\/sbq-eleicoes-2014\/\"><span>Read More<\/span><\/a><\/div><\/article><\/div><\/div><\/section>\n\n\n<div id=\"section-gc217b1\" class=\"wp-block-gutentor-e17 section-gc217b1 gutentor-element gutentor-post-footer\"><div class=\"grid-container\"><div class=\"grid-row\">\n<div id=\"col-gm6f781f\" class=\"wp-block-gutentor-e15 gutentor-single-column  grid-lg-12 grid-md-12 grid-12\"><div id=\"section-gm6f781f\" class=\"section-gm6f781f gutentor-col-wrap\">\n<div id=\"section-g843ecd\" class=\"wp-block-gutentor-e12 section-g843ecd gutentor-element gutentor-element-pagination text-align-center-mobile\"><div class=\"gutentor-pagination-wrap\" data-maxnumpages=\"6\"><ul class=\"gutentor-pagination\"><li class=\"gutentor-pagination-item gutentor-pagination-prev\"><a class=\"gutentor-pagination-link gutentor-disabled\" href=\"#\"><i class=\"fas fa-chevron-left\"><\/i>Previous<\/a><\/li><li class=\"gutentor-pagination-item gutentor-pagination-active\" data-gpage=\"1\"><a class=\"gutentor-pagination-link\" href=\"#\">1<\/a><\/li><li class=\"gutentor-pagination-item\"><a class=\"gutentor-pagination-link\" href=\"#\" data-gpage=\"2\">2<\/a><\/li><li class=\"gutentor-pagination-item\"><a class=\"gutentor-pagination-link\" href=\"#\" data-gpage=\"3\">3<\/a><\/li><li class=\"gutentor-pagination-item\"><a class=\"gutentor-pagination-link\" href=\"#\" data-gpage=\"4\">4<\/a><\/li><li class=\"gutentor-pagination-item gutentor-pagination-dots\"><a class=\"gutentor-pagination-link\" href=\"#\">&#8230;<\/a><\/li><li class=\"gutentor-pagination-item\"><a class=\"gutentor-pagination-link\" href=\"#\" data-gpage=\"6\">6<\/a><\/li><li class=\"gutentor-pagination-item gutentor-pagination-next\"><a class=\"gutentor-pagination-link\" href=\"#\" data-gpage=\"2\">Next<i class=\"fas fa-chevron-right\"><\/i><\/a><\/li><\/ul><\/div><\/div>\n<\/div><\/div>\n<\/div><\/div><\/div>\n<\/section>\n","protected":false},"excerpt":{"rendered":"","protected":false},"author":1,"featured_media":0,"parent":0,"menu_order":0,"comment_status":"closed","ping_status":"closed","template":"","meta":{"footnotes":""},"_links":{"self":[{"href":"https:\/\/www.sbq.org.br\/interiorpaulista\/wp-json\/wp\/v2\/pages\/18"}],"collection":[{"href":"https:\/\/www.sbq.org.br\/interiorpaulista\/wp-json\/wp\/v2\/pages"}],"about":[{"href":"https:\/\/www.sbq.org.br\/interiorpaulista\/wp-json\/wp\/v2\/types\/page"}],"author":[{"embeddable":true,"href":"https:\/\/www.sbq.org.br\/interiorpaulista\/wp-json\/wp\/v2\/users\/1"}],"replies":[{"embeddable":true,"href":"https:\/\/www.sbq.org.br\/interiorpaulista\/wp-json\/wp\/v2\/comments?post=18"}],"version-history":[{"count":1,"href":"https:\/\/www.sbq.org.br\/interiorpaulista\/wp-json\/wp\/v2\/pages\/18\/revisions"}],"predecessor-version":[{"id":19,"href":"https:\/\/www.sbq.org.br\/interiorpaulista\/wp-json\/wp\/v2\/pages\/18\/revisions\/19"}],"wp:attachment":[{"href":"https:\/\/www.sbq.org.br\/interiorpaulista\/wp-json\/wp\/v2\/media?parent=18"}],"curies":[{"name":"wp","href":"https:\/\/api.w.org\/{rel}","templated":true}]}}