{"id":38,"date":"2024-01-18T10:19:16","date_gmt":"2024-01-18T13:19:16","guid":{"rendered":"https:\/\/www.sbq.org.br\/ensino\/?page_id=38"},"modified":"2024-01-18T10:29:13","modified_gmt":"2024-01-18T13:29:13","slug":"premio_eq","status":"publish","type":"page","link":"https:\/\/www.sbq.org.br\/ensino\/premio_eq\/","title":{"rendered":"Pr\u00eamio EQ"},"content":{"rendered":"\n<div class=\"wp-block-columns is-layout-flex wp-container-core-columns-layout-1 wp-block-columns-is-layout-flex\">\n<div class=\"wp-block-column is-layout-flow wp-block-column-is-layout-flow\" style=\"flex-basis:33.33%\">\n<p>O Pr\u00eamio &#8220;Roseli Schnetzler &#8211; Maria Eunice Marcondes&#8221; de Ensino de Qu\u00edmica \u00e9 conferido a pesquisadoras\/es que tiveram contribui\u00e7\u00e3o expressiva para a consolida\u00e7\u00e3o e\/ou desenvolvimento da \u00e1rea de Ensino de Qu\u00edmica no Brasil. Conhe\u00e7a as\/os agraciadas\/os<\/p>\n<\/div>\n\n\n\n<div class=\"wp-block-column is-layout-flow wp-block-column-is-layout-flow\" style=\"flex-basis:66.66%\">\n<section id=\"g9560c0\" class=\"wp-block-gutentor-p4 section-g9560c0 gutentor-post-module gutentor-advanced-post-module\" data-gpid=\"38\" data-l-ani=\"gp4-animation-1\" data-i-b=\"gutentor\/p1\" data-maxnumpages=\"1\">\n\n<section class=\"gutentor-post-module section-72bd694a-4f29-4e1d-adc5-672496e619df gutentor-post-module-p1 gutentor_p1_template1 wp-block-gutentor-p1 gutentor-blog-list\" id=\"72bd694a-4f29-4e1d-adc5-672496e619df\" data-gbid=\"72bd694a-4f29-4e1d-adc5-672496e619df\" >\n<div class='grid-container'><div class='grid-row' ><article class='gutentor-post'><div class='gutentor-post-item'><div class='gutentor-post-image-box'><div class=\"gutentor-image-thumb\"><img loading=\"lazy\" decoding=\"async\" width=\"1950\" height=\"1084\" src=\"https:\/\/www.sbq.org.br\/ensino\/wp-content\/uploads\/sites\/7\/2024\/07\/Captura-de-Tela-2024-07-09-a\u0300s-10.20.16-1.png\" class=\"attachment-full size-full wp-post-image\" alt=\"\" \/><\/div><\/div><div class=\"gutentor-post-content\"><div class=\"gutentor-post-title-data-wrap\"><h3 class=\"gutentor-post-title\"><a href=\"https:\/\/www.sbq.org.br\/ensino\/laurea-2024-attico-chassot-e-wildson-santos\/\" rel=\"bookmark\">L\u00e1urea 2024 \u2013 \u00c1ttico Chassot e Wildson Santos<\/a><\/h3><\/div><div class=\"gutentor-post-desc\">O Pr\u00eamio \u201cRoseli Schnetzler \u2013 Maria Eunice Marcondes\u201d de Ensino de Qu\u00edmica \u00e9 conferido a pesquisador&hellip;<\/div><a class=\"gutentor-button gutentor-post-button\"  href=\"https:\/\/www.sbq.org.br\/ensino\/laurea-2024-attico-chassot-e-wildson-santos\/\" href=\"https:\/\/www.sbq.org.br\/ensino\/laurea-2024-attico-chassot-e-wildson-santos\/\"><span>Read More<\/span><\/a><\/div><\/div><\/article><article class='gutentor-post'><div class='gutentor-post-item'><div class='gutentor-post-image-box'><div class=\"gutentor-image-thumb\"><img loading=\"lazy\" decoding=\"async\" width=\"150\" height=\"140\" src=\"https:\/\/www.sbq.org.br\/ensino\/wp-content\/uploads\/sites\/7\/2024\/01\/captura_de_tela_2023-09-18_as_19.57.20.png\" class=\"attachment-full size-full wp-post-image\" alt=\"\" \/><\/div><\/div><div class=\"gutentor-post-content\"><div class=\"gutentor-post-title-data-wrap\"><h3 class=\"gutentor-post-title\"><a href=\"https:\/\/www.sbq.org.br\/ensino\/laurea-2023-roseli-schnetzler-e-maria-eunice-marcondes\/\" rel=\"bookmark\">L\u00e1urea 2023 &#8211; Roseli Schnetzler e Maria Eunice Marcondes<\/a><\/h3><\/div><div class=\"gutentor-post-desc\">O Pr\u00eamio &#8220;Roseli Schnetzler &#8211; Maria Eunice Marcondes&#8221; de Ensino de Qu\u00edmica \u00e9 conferido a pesquisador&hellip;<\/div><a class=\"gutentor-button gutentor-post-button\"  href=\"https:\/\/www.sbq.org.br\/ensino\/laurea-2023-roseli-schnetzler-e-maria-eunice-marcondes\/\" href=\"https:\/\/www.sbq.org.br\/ensino\/laurea-2023-roseli-schnetzler-e-maria-eunice-marcondes\/\"><span>Read More<\/span><\/a><\/div><\/div><\/article><article class='gutentor-post'><div class='gutentor-post-item'><div class='gutentor-post-image-box'><div class=\"gutentor-image-thumb\"><img loading=\"lazy\" decoding=\"async\" width=\"250\" height=\"173\" src=\"https:\/\/www.sbq.org.br\/ensino\/wp-content\/uploads\/sites\/7\/2024\/01\/premio_modelo.png\" class=\"attachment-full size-full wp-post-image\" alt=\"\" \/><\/div><\/div><div class=\"gutentor-post-content\"><div class=\"gutentor-post-title-data-wrap\"><h3 class=\"gutentor-post-title\"><a href=\"https:\/\/www.sbq.org.br\/ensino\/sobre-o-premio\/\" rel=\"bookmark\">Sobre o Pr\u00eamio<\/a><\/h3><\/div><div class=\"gutentor-post-desc\">O Pr\u00eamio &#8220;Roseli Schnetzler &#8211; Maria Eunice Marcondes&#8221; de Ensino de Qu\u00edmica \u00e9 uma premia\u00e7\u00e3o institu\u00edd&hellip;<\/div><a class=\"gutentor-button gutentor-post-button\"  href=\"https:\/\/www.sbq.org.br\/ensino\/sobre-o-premio\/\" href=\"https:\/\/www.sbq.org.br\/ensino\/sobre-o-premio\/\"><span>Read More<\/span><\/a><\/div><\/div><\/article><\/div><\/div><\/section>\n\n\n<div id=\"section-gedbd20\" class=\"wp-block-gutentor-e17 section-gedbd20 gutentor-element gutentor-post-footer\"><div class=\"grid-container\"><div class=\"grid-row\">\n<div id=\"col-gmf7ea88\" class=\"wp-block-gutentor-e15 gutentor-single-column  grid-lg-12 grid-md-12 grid-12\"><div id=\"section-gmf7ea88\" class=\"section-gmf7ea88 gutentor-col-wrap\">\n<div id=\"section-g7a928d\" class=\"wp-block-gutentor-e12 section-g7a928d gutentor-element gutentor-element-pagination text-align-center-mobile\"><div class=\"gutentor-pagination-wrap\" data-maxnumpages=\"1\"><ul class=\"gutentor-pagination\"><li class=\"gutentor-pagination-item gutentor-pagination-prev\"><a class=\"gutentor-pagination-link gutentor-disabled\" href=\"#\"><i class=\"fas fa-chevron-left\"><\/i>Previous<\/a><\/li><li class=\"gutentor-pagination-item gutentor-pagination-active\" data-gpage=\"1\"><a class=\"gutentor-pagination-link\" href=\"#\">1<\/a><\/li><li class=\"gutentor-pagination-item gutentor-pagination-next\"><a class=\"gutentor-pagination-link gutentor-disabled\" href=\"#\" data-gpage=\"2\">Next<i class=\"fas fa-chevron-right\"><\/i><\/a><\/li><\/ul><\/div><\/div>\n<\/div><\/div>\n<\/div><\/div><\/div>\n<\/section>\n<\/div>\n<\/div>\n","protected":false},"excerpt":{"rendered":"<p>O Pr\u00eamio &#8220;Roseli Schnetzler &#8211; Maria Eunice Marcondes&#8221; de Ensino de Qu\u00edmica \u00e9 conferido a pesquisadoras\/es que tiveram contribui\u00e7\u00e3o expressiva para a consolida\u00e7\u00e3o e\/ou desenvolvimento da \u00e1rea de Ensino de Qu\u00edmica no Brasil. Conhe\u00e7a as\/os agraciadas\/os<\/p>\n","protected":false},"author":1,"featured_media":0,"parent":0,"menu_order":0,"comment_status":"closed","ping_status":"closed","template":"","meta":{"footnotes":""},"_links":{"self":[{"href":"https:\/\/www.sbq.org.br\/ensino\/wp-json\/wp\/v2\/pages\/38"}],"collection":[{"href":"https:\/\/www.sbq.org.br\/ensino\/wp-json\/wp\/v2\/pages"}],"about":[{"href":"https:\/\/www.sbq.org.br\/ensino\/wp-json\/wp\/v2\/types\/page"}],"author":[{"embeddable":true,"href":"https:\/\/www.sbq.org.br\/ensino\/wp-json\/wp\/v2\/users\/1"}],"replies":[{"embeddable":true,"href":"https:\/\/www.sbq.org.br\/ensino\/wp-json\/wp\/v2\/comments?post=38"}],"version-history":[{"count":6,"href":"https:\/\/www.sbq.org.br\/ensino\/wp-json\/wp\/v2\/pages\/38\/revisions"}],"predecessor-version":[{"id":191,"href":"https:\/\/www.sbq.org.br\/ensino\/wp-json\/wp\/v2\/pages\/38\/revisions\/191"}],"wp:attachment":[{"href":"https:\/\/www.sbq.org.br\/ensino\/wp-json\/wp\/v2\/media?parent=38"}],"curies":[{"name":"wp","href":"https:\/\/api.w.org\/{rel}","templated":true}]}}