{"id":98,"date":"2024-05-17T14:50:55","date_gmt":"2024-05-17T17:50:55","guid":{"rendered":"http:\/\/www2.sbq.org.br\/analitica\/?page_id=98"},"modified":"2024-09-08T17:13:28","modified_gmt":"2024-09-08T20:13:28","slug":"seja-bem-vindo-a-divisao-de-quimica-analitica-da-sbq","status":"publish","type":"page","link":"https:\/\/www.sbq.org.br\/analitica\/","title":{"rendered":"Seja bem-vindo \u00e0 Divis\u00e3o de Qu\u00edmica Anal\u00edtica da SBQ"},"content":{"rendered":"\n<div class=\"wp-block-group has-global-padding is-content-justification-left is-layout-constrained wp-container-core-group-layout-1 wp-block-group-is-layout-constrained\">\n<style>\n.titulo1{\n    color: #016AB2;\n    font-weight: 700;\n    font-size: 18px;\n    background-image: url(http:\/\/www.sbq.org.br\/analitica\/wp-content\/uploads\/sites\/4\/2024\/08\/icon-home.png);\n    background-repeat: no-repeat;\n    display: block;\n    padding-left: 32px;\n    padding-bottom: 10px;\n    margin-top: 50px;\n}\n<\/style>\n<h4 class=\"titulo1\">\nSeja bem-vindo \u00e0 Divis\u00e3o de Qu\u00edmica Anal\u00edtica da SBQ\n<\/h4>\n\n\n\n<title>Texto Justificado<\/title>\n    <style>\n        .texto_principal {\n            text-align: justify;\n            font-family: arial;\n            font-size: 16px;\n            text-indent: 0px;\n            padding-left: 0px;\n            padding-bottom: 30px;\n        }\n    <\/style>\n\n<p class=\"texto_principal\">\nEste \u00e9 o espa\u00e7o para a Divis\u00e3o de Qu\u00edmica Anal\u00edtica &#8211; sinta-se \u00e0 vontade para contribuir com materiais e sugest\u00f5es. A Divis\u00e3o de Qu\u00edmica Anal\u00edtica (ANA) da Sociedade Brasileira de Qu\u00edmica (SBQ) tem como objetivo principal incentivar as atividades relacionadas com a forma\u00e7\u00e3o de pessoal e o fortalecimento dos Grupos de Pesquisa na \u00e1rea de Qu\u00edmica Anal\u00edtica do Brasil. A ANA-SBQ tem propiciado, por meio de diversos eventos cient\u00edficos (Reuni\u00e3o Anual da SBQ, Encontro Nacional de Qu\u00edmica Anal\u00edtica, Congresso Ibero-Americano de Qu\u00edmica Anal\u00edtica, Congresso Anal\u00edtica Latin Am\u00e9rica e outros eventos), a troca de informa\u00e7\u00f5es e o interc\u00e2mbio entre Qu\u00edmicos Anal\u00edticos do Brasil e de outros pa\u00edses e profissionaise de \u00e1reas afins.\n<\/p>\n<\/div>\n\n\n\n<div class=\"wp-block-columns alignwide is-layout-flex wp-container-core-columns-layout-1 wp-block-columns-is-layout-flex\">\n<div class=\"wp-block-column is-layout-flow wp-block-column-is-layout-flow\" style=\"flex-basis:72.5%\">\n<style>\n.titulo1{\n    color: #016AB2;\n    font-weight: 700;\n    font-size: 18px;\n    background-image: url(http:\/\/www.sbq.org.br\/analitica\/wp-content\/uploads\/sites\/4\/2024\/08\/icon-calendar.png);\n    background-repeat: no-repeat;\n    display: block;\n    padding-left: 32px;\n    padding-bottom: 10px;\n}\n<\/style>\n<h4 class=\"titulo1\">\n\u00daltimos eventos\n<\/h4>\n\n\n\n<div class=\"wp-block-group has-global-padding is-layout-constrained wp-block-group-is-layout-constrained\" style=\"border-width:1px\">\n<div class=\"wp-block-group has-global-padding is-layout-constrained wp-block-group-is-layout-constrained\"><ul style=\"padding-right:0px;padding-left:20px;margin-left:0;\" class=\"wp-block-latest-posts__list wp-block-latest-posts\"><li><a class=\"wp-block-latest-posts__post-title\" href=\"https:\/\/www.sbq.org.br\/analitica\/vem-ai-o-8th-espeqbrasil-e-o-17th-rsas-2\/\">Vem a\u00ed o 8th EspeQ Brasil e o 17th RSAS<\/a><div class=\"wp-block-latest-posts__post-full-content\"><!-- wp:html -->\n<style>\n.link-text {\n    font-size: 14px; \/* Define a fonte de todo o par\u00e1grafo *\/\n    margin-top: 15px;\n    margin-left: 20px;\n}\n.link-text a {\n    text-decoration: none; \/* Remove o sublinhado do link *\/\n    color: blue; \/* Define a cor do link *\/\n    font-size: 14px; \/* Define o tamanho da fonte do link especificamente *\/\n}\n\n.link-text a:hover {\n    text-decoration: underline; \/* Adiciona sublinhado ao passar o mouse *\/\n}\n.local{\n    font-weight: 700;\n    font-size: 12px;\n    background-image: url(http:\/\/www.sbq.org.br\/analitica\/wp-content\/uploads\/sites\/4\/2024\/09\/local.png);\n    background-repeat: no-repeat;\n    display: block;\n    padding-left: 20px;\n    margin-top: 10px;\n    margin-left: 20px;\n    }\n.data{\n    font-weight: 700;\n    font-size: 12px;\n    background-image: url(http:\/\/www.sbq.org.br\/analitica\/wp-content\/uploads\/sites\/4\/2024\/09\/icon-calendar2.png);\n\n    background-repeat: no-repeat;\n    display: block;\n    padding-left: 20px;\n    margin-left: 20px;\n    }\n<\/style>\n\n\n\n<div class=\"local\">\nHotel Fazenda Fonte Colina Verde, S\u00e3o Pedro\/SP, Brasil\n<\/div>\n<div class=\"data\">\nDomingo, 09 de novembro de 2025 a sexta-feira, 14 de novembro de 2025\n<\/div>\n<p class=\"link-text\">Acesse o <a href=\"https:\/\/www.sbq.org.br\/analitica\/vem-ai-o-8th-espeqbrasil-e-o-17th-rsas\/\">link<\/a> para saber mais.<\/p>\n<!-- \/wp:html -->\n\n<!-- wp:separator {\"className\":\"is-style-wide\"} -->\n<hr class=\"wp-block-separator has-alpha-channel-opacity is-style-wide\" \/>\n<!-- \/wp:separator --><\/div><\/li>\n<li><a class=\"wp-block-latest-posts__post-title\" href=\"https:\/\/www.sbq.org.br\/analitica\/teste\/\">21\u00b0 Encontro Nacional de Qu\u00edmica Anal\u00edtica | 9\u00b0 Congresso Ibero Americano de Qu\u00edmica Anal\u00edtica<\/a><div class=\"wp-block-latest-posts__post-full-content\"><!-- wp:html -->\n<style>\n.link-text {\n    font-size: 14px; \/* Define a fonte de todo o par\u00e1grafo *\/\n    margin-top: 15px;\n    margin-left: 20px;\n}\n.link-text a {\n    text-decoration: none; \/* Remove o sublinhado do link *\/\n    color: blue; \/* Define a cor do link *\/\n    font-size: 14px; \/* Define o tamanho da fonte do link especificamente *\/\n}\n\n.link-text a:hover {\n    text-decoration: underline; \/* Adiciona sublinhado ao passar o mouse *\/\n}\n.local{\n    font-weight: 700;\n    font-size: 12px;\n    background-image: url(http:\/\/www.sbq.org.br\/analitica\/wp-content\/uploads\/sites\/4\/2024\/09\/local.png);\n    background-repeat: no-repeat;\n    display: block;\n    padding-left: 20px;\n    margin-top: 10px;\n    margin-left: 20px;\n    }\n.data{\n    font-weight: 700;\n    font-size: 12px;\n    background-image: url(http:\/\/www.sbq.org.br\/analitica\/wp-content\/uploads\/sites\/4\/2024\/09\/icon-calendar2.png);\n\n    background-repeat: no-repeat;\n    display: block;\n    padding-left: 20px;\n    margin-left: 20px;\n    }\n<\/style>\n\n\n\n<div class=\"local\">\nHangar Centro de Conven\u00e7\u00f5es, Bel\u00e9m\/PA, Brasil\n<\/div>\n<div class=\"data\">\nDomingo, 15 setembro de 2024 a quarta-feira, 18 Setembro de 2024\n<\/div>\n<p class=\"link-text\">Para mais informa\u00e7\u00f5es acesse: <a href=\"https:\/\/www.enqa2024.com.br\/\">https:\/\/www.enqa2024.com.br\/<\/a>.<\/p>\n<!-- \/wp:html -->\n\n<!-- wp:areoi\/div {\"block_id\":\"09aa0fcc-be7d-43c9-b08a-e21b70175dd8\"} -->\n<!-- wp:separator {\"className\":\"is-style-wide\"} -->\n<hr class=\"wp-block-separator has-alpha-channel-opacity is-style-wide\" \/>\n<!-- \/wp:separator -->\n<!-- \/wp:areoi\/div --><\/div><\/li>\n<\/ul><\/div>\n<\/div>\n<\/div>\n<\/div>\n","protected":false},"excerpt":{"rendered":"<p>Seja bem-vindo \u00e0 Divis\u00e3o de Qu\u00edmica Anal\u00edtica da SBQ Texto Justificado Este \u00e9 o espa\u00e7o para a Divis\u00e3o de Qu\u00edmica Anal\u00edtica &#8211; sinta-se \u00e0 vontade para contribuir com materiais e sugest\u00f5es. A Divis\u00e3o de Qu\u00edmica Anal\u00edtica (ANA) da Sociedade Brasileira de Qu\u00edmica (SBQ) tem como objetivo principal incentivar as atividades relacionadas com a forma\u00e7\u00e3o de [&hellip;]<\/p>\n","protected":false},"author":1,"featured_media":0,"parent":0,"menu_order":0,"comment_status":"closed","ping_status":"closed","template":"","meta":{"footnotes":""},"_links":{"self":[{"href":"https:\/\/www.sbq.org.br\/analitica\/wp-json\/wp\/v2\/pages\/98"}],"collection":[{"href":"https:\/\/www.sbq.org.br\/analitica\/wp-json\/wp\/v2\/pages"}],"about":[{"href":"https:\/\/www.sbq.org.br\/analitica\/wp-json\/wp\/v2\/types\/page"}],"author":[{"embeddable":true,"href":"https:\/\/www.sbq.org.br\/analitica\/wp-json\/wp\/v2\/users\/1"}],"replies":[{"embeddable":true,"href":"https:\/\/www.sbq.org.br\/analitica\/wp-json\/wp\/v2\/comments?post=98"}],"version-history":[{"count":37,"href":"https:\/\/www.sbq.org.br\/analitica\/wp-json\/wp\/v2\/pages\/98\/revisions"}],"predecessor-version":[{"id":573,"href":"https:\/\/www.sbq.org.br\/analitica\/wp-json\/wp\/v2\/pages\/98\/revisions\/573"}],"wp:attachment":[{"href":"https:\/\/www.sbq.org.br\/analitica\/wp-json\/wp\/v2\/media?parent=98"}],"curies":[{"name":"wp","href":"https:\/\/api.w.org\/{rel}","templated":true}]}}