{"id":434,"date":"2024-09-08T12:41:32","date_gmt":"2024-09-08T15:41:32","guid":{"rendered":"https:\/\/www.sbq.org.br\/analitica\/?page_id=434"},"modified":"2024-09-16T23:28:07","modified_gmt":"2024-09-17T02:28:07","slug":"diretoria","status":"publish","type":"page","link":"https:\/\/www.sbq.org.br\/analitica\/diretoria\/","title":{"rendered":"Diretoria"},"content":{"rendered":"\n<div class=\"wp-block-columns is-layout-flex wp-container-core-columns-layout-1 wp-block-columns-is-layout-flex\">\n<div class=\"wp-block-column is-layout-flow wp-block-column-is-layout-flow\" style=\"flex-basis:33.33%\">\n<title>Menu de Navega\u00e7\u00e3o Vertical<\/title>\n  <style>\n    body {\n      font-family: Arial, sans-serif;\n      margin: 0;\n      padding: 0;\n    }\n\n    \/* Container do menu *\/\n    .menu {\n      width: 300px;\n      margin: 50px auto; \/* Centraliza o menu na p\u00e1gina *\/\n    }\n    \/* Estilos para os bot\u00f5es do menu *\/\n    .menu a {\n      display: block;\n      padding: 15px;\n      margin-bottom: 10px;\n      text-align: center;\n      text-decoration: none;\n      font-size: 18px;\n      color: white;\n      background-color: #c1d1dd; \/* Cor de fundo padr\u00e3o *\/\n      border-radius: 0px;\n      transition: background-color 0.3s ease; \/* Suaviza a transi\u00e7\u00e3o da cor *\/\n    }\n\n    \/* Cor de fundo ao passar o mouse *\/\n    .menu a:hover {\n      background-color: #a8bdcc; \/* Cor de fundo mais escura ao passar o mouse *\/\n    }\n    .menu a.selected {\n      background-color: #91a7b8; \/* Cor mais escura para o item selecionado *\/\n    }\n  <\/style>\n\n\n\n  <!-- Menu de navega\u00e7\u00e3o vertical -->\n\n<div class=\"menu\">\n    <a href=\"https:\/\/www.sbq.org.br\/analitica\/sobre-a-divisao-de-quimica-analitica\/\"><strong>Sobre a divis\u00e3o<\/strong><\/a>\n    <a href=\"https:\/\/www.sbq.org.br\/analitica\/diretoria\/\" class=\"selected\"><strong>Diretoria<\/strong><\/a>\n    <a href=\"https:\/\/www.sbq.org.br\/analitica\/gestoes-anteriores\/\"><strong>Gest\u00f5es anteriores<\/strong><\/a>\n    <a href=\"https:\/\/www.sbq.org.br\/analitica\/boletins\/\"><strong>Boletins<\/strong><\/a>\n  <\/div>\n<\/div>\n\n\n\n<div class=\"wp-block-column is-layout-flow wp-block-column-is-layout-flow\" style=\"flex-basis:66.66%\">\n<title>Lista de Membros<\/title>\n  <style>\n    body {\n      font-family: Arial, sans-serif;\n      margin: 0;\n\n    }\n\n    \/* Container principal para organizar os membros em duas colunas *\/\n    .member-list {\n      display: grid;\n      grid-template-columns: repeat(3, 1fr); \/* Cria duas colunas iguais *\/\n      gap: 20px; \/* Espa\u00e7amento entre as colunas *\/\n      max-width: 700px;\n      margin: 0 auto; \/* Centraliza o conte\u00fado *\/\n      margin-top: 50px;\n    }\n\n    \/* Estilos para cada membro *\/\n    .member {\n      text-align: center; \/* Centraliza o conte\u00fado dentro de cada item *\/\n      background-color: #f4f4f4;\n      padding: 20px;\n      box-shadow: 0 1px 3px rgba(0, 0, 0, 0.1);\n\n    }\n\n    \/* Estilo para a imagem *\/\n    .member img {\n      width: 100px; \/* Define o tamanho das fotos *\/\n      height: 100px;\n      margin-bottom: 10px;\n    }\n\n    \/* Estilo para o nome do membro *\/\n    .member-name {\n      font-size: 16px;\n      font-weight: bold;\n      color: #333;\n    }\n    .member-info {\n      font-size: 14px;\n      color: #333;\n    }\n    \/* Responsividade para telas menores *\/\n    @media (max-width: 600px) {\n      .member-list {\n        grid-template-columns: 1fr; \/* Apenas uma coluna em telas pequenas *\/\n      }\n    }\n  <\/style>\n\n\n\n  <div class=\"member-list\">\n    <!-- Membro 1 -->\n    <div class=\"member\">\n      <img decoding=\"async\" src=\"http:\/\/www.sbq.org.br\/analitica\/wp-content\/uploads\/sites\/4\/2024\/09\/Foto-Paola-recortada.jpg\" alt=\"Foto do membro 1\">\n      <div class=\"member-name\">Paola de Azevedo Mello<\/div>\n      <div class=\"member-info\">Diretora<\/div>\n      <div class=\"member-info\">Universidade Federal de Santa Maria, UFSM<\/div>\n    <\/div>\n\n    <!-- Membro 2 -->\n    <div class=\"member\">\n      <img decoding=\"async\" src=\"http:\/\/www.sbq.org.br\/analitica\/wp-content\/uploads\/sites\/4\/2024\/09\/Foto_Kelly_G._Fernandes_Dantas_-_Kelly_das_Gracas_Fernandes_Dantas-492609_245-327-0-0.jpg\" alt=\"Foto do membro 2\">\n      <div class=\"member-name\">Kelly das Gra\u00e7as Fernandes Dantas<\/div>\n      <div class=\"member-info\">Vice-diretora<\/div>\n      <div class=\"member-info\">Universidade Federal do Par\u00e1, UFPA<\/div>\n    <\/div>\n\n    <!-- Membro 3 -->\n    <div class=\"member\">\n      <img decoding=\"async\" src=\"http:\/\/www.sbq.org.br\/analitica\/wp-content\/uploads\/sites\/4\/2024\/09\/leticia-costa-nucleo.png\" alt=\"Foto do membro 3\">\n      <div class=\"member-name\">Let\u00edcia Malta Costa<\/div>\n      <div class=\"member-info\">Tesoureira<\/div>\n      <div class=\"member-info\">Universidade Federal de Minas Gerais, UFMG<\/div>\n    <\/div>\n  <\/div>\n<\/div>\n<\/div>\n","protected":false},"excerpt":{"rendered":"<p>Menu de Navega\u00e7\u00e3o Vertical Sobre a divis\u00e3o Diretoria Gest\u00f5es anteriores Boletins Lista de Membros Paola de Azevedo Mello Diretora Universidade Federal de Santa Maria, UFSM Kelly das Gra\u00e7as Fernandes Dantas Vice-diretora Universidade Federal do Par\u00e1, UFPA Let\u00edcia Malta Costa Tesoureira Universidade Federal de Minas Gerais, UFMG<\/p>\n","protected":false},"author":5,"featured_media":0,"parent":0,"menu_order":0,"comment_status":"closed","ping_status":"closed","template":"","meta":{"footnotes":""},"_links":{"self":[{"href":"https:\/\/www.sbq.org.br\/analitica\/wp-json\/wp\/v2\/pages\/434"}],"collection":[{"href":"https:\/\/www.sbq.org.br\/analitica\/wp-json\/wp\/v2\/pages"}],"about":[{"href":"https:\/\/www.sbq.org.br\/analitica\/wp-json\/wp\/v2\/types\/page"}],"author":[{"embeddable":true,"href":"https:\/\/www.sbq.org.br\/analitica\/wp-json\/wp\/v2\/users\/5"}],"replies":[{"embeddable":true,"href":"https:\/\/www.sbq.org.br\/analitica\/wp-json\/wp\/v2\/comments?post=434"}],"version-history":[{"count":20,"href":"https:\/\/www.sbq.org.br\/analitica\/wp-json\/wp\/v2\/pages\/434\/revisions"}],"predecessor-version":[{"id":717,"href":"https:\/\/www.sbq.org.br\/analitica\/wp-json\/wp\/v2\/pages\/434\/revisions\/717"}],"wp:attachment":[{"href":"https:\/\/www.sbq.org.br\/analitica\/wp-json\/wp\/v2\/media?parent=434"}],"curies":[{"name":"wp","href":"https:\/\/api.w.org\/{rel}","templated":true}]}}