{"id":434,"date":"2024-09-08T12:41:32","date_gmt":"2024-09-08T15:41:32","guid":{"rendered":"https:\/\/www.sbq.org.br\/analitica\/?page_id=434"},"modified":"2026-08-18T15:57:54","modified_gmt":"2026-08-18T18:57:54","slug":"diretoria","status":"publish","type":"page","link":"https:\/\/www.sbq.org.br\/analitica\/diretoria\/","title":{"rendered":"Diretoria"},"content":{"rendered":"\n<div class=\"wp-block-columns is-layout-flex wp-container-core-columns-layout-1 wp-block-columns-is-layout-flex\">\n<div class=\"wp-block-column is-layout-flow wp-block-column-is-layout-flow\" style=\"flex-basis:33.33%\">\n<title>Menu de Navega\u00e7\u00e3o Vertical<\/title>\n  <style>\n    body {\n      font-family: Arial, sans-serif;\n      margin: 0;\n      padding: 0;\n    }\n\n    \/* Container do menu *\/\n    .menu {\n      width: 300px;\n      margin: 50px auto; \/* Centraliza o menu na p\u00e1gina *\/\n    }\n    \/* Estilos para os bot\u00f5es do menu *\/\n    .menu a {\n      display: block;\n      padding: 15px;\n      margin-bottom: 10px;\n      text-align: center;\n      text-decoration: none;\n      font-size: 18px;\n      color: white;\n      background-color: #c1d1dd; \/* Cor de fundo padr\u00e3o *\/\n      border-radius: 0px;\n      transition: background-color 0.3s ease; \/* Suaviza a transi\u00e7\u00e3o da cor *\/\n    }\n\n    \/* Cor de fundo ao passar o mouse *\/\n    .menu a:hover {\n      background-color: #a8bdcc; \/* Cor de fundo mais escura ao passar o mouse *\/\n    }\n    .menu a.selected {\n      background-color: #91a7b8; \/* Cor mais escura para o item selecionado *\/\n    }\n  <\/style>\n\n\n\n  <!-- Menu de navega\u00e7\u00e3o vertical -->\n\n<div class=\"menu\">\n    <a href=\"https:\/\/www.sbq.org.br\/analitica\/sobre-a-divisao-de-quimica-analitica\/\"><strong>Sobre a divis\u00e3o<\/strong><\/a>\n    <a href=\"https:\/\/www.sbq.org.br\/analitica\/diretoria\/\" class=\"selected\"><strong>Diretoria<\/strong><\/a>\n    <a href=\"https:\/\/www.sbq.org.br\/analitica\/gestoes-anteriores\/\"><strong>Gest\u00f5es anteriores<\/strong><\/a>\n    <a href=\"https:\/\/www.sbq.org.br\/analitica\/boletins\/\"><strong>Boletins<\/strong><\/a>\n  <\/div>\n<\/div>\n\n\n\n<div class=\"wp-block-column is-layout-flow wp-block-column-is-layout-flow\" style=\"flex-basis:66.66%\">\n<br><br><h4 class=\"wp-block-heading\"><strong>Diretoria Gest\u00e3o 2026-2028<\/strong><\/h4>\n\n\n\n<p><\/p>\n\n\n\n<div class=\"wp-block-group is-nowrap is-layout-flex wp-container-core-group-layout-2 wp-block-group-is-layout-flex\">\n<figure class=\"wp-block-image size-full is-resized\"><img loading=\"lazy\" decoding=\"async\" width=\"900\" height=\"1377\" src=\"https:\/\/www.sbq.org.br\/analitica\/wp-content\/uploads\/sites\/4\/2026\/08\/Foto-3-1.jpg\" alt=\"\" class=\"wp-image-788\" style=\"width:90px;height:auto\" srcset=\"https:\/\/www.sbq.org.br\/analitica\/wp-content\/uploads\/sites\/4\/2026\/08\/Foto-3-1.jpg 900w, https:\/\/www.sbq.org.br\/analitica\/wp-content\/uploads\/sites\/4\/2026\/08\/Foto-3-1-196x300.jpg 196w, https:\/\/www.sbq.org.br\/analitica\/wp-content\/uploads\/sites\/4\/2026\/08\/Foto-3-1-669x1024.jpg 669w, https:\/\/www.sbq.org.br\/analitica\/wp-content\/uploads\/sites\/4\/2026\/08\/Foto-3-1-768x1175.jpg 768w\" sizes=\"(max-width: 900px) 100vw, 900px\" \/><\/figure>\n\n\n\n<div class=\"wp-block-group is-vertical is-layout-flex wp-container-core-group-layout-1 wp-block-group-is-layout-flex\">\n<p class=\"is-layout-flow wp-block-paragraph-is-layout-flow\">  <strong>     Kelly das Gra\u00e7as Fernandes Dantas<\/strong><br>       Diretora<br>       Universidade Federal do Par\u00e1, UFPA<\/p>\n<\/div>\n<\/div>\n\n\n\n<div class=\"wp-block-group is-nowrap is-layout-flex wp-container-core-group-layout-4 wp-block-group-is-layout-flex\" style=\"margin-top:var(--wp--preset--spacing--40);margin-bottom:var(--wp--preset--spacing--40)\">\n<figure class=\"wp-block-image size-full is-resized\"><img loading=\"lazy\" decoding=\"async\" width=\"1024\" height=\"1280\" src=\"http:\/\/www.sbq.org.br\/analitica\/wp-content\/uploads\/sites\/4\/2026\/08\/Foto-Leticia.jpeg\" alt=\"\" class=\"wp-image-784\" style=\"width:94px;height:auto\" srcset=\"https:\/\/www.sbq.org.br\/analitica\/wp-content\/uploads\/sites\/4\/2026\/08\/Foto-Leticia.jpeg 1024w, https:\/\/www.sbq.org.br\/analitica\/wp-content\/uploads\/sites\/4\/2026\/08\/Foto-Leticia-240x300.jpeg 240w, https:\/\/www.sbq.org.br\/analitica\/wp-content\/uploads\/sites\/4\/2026\/08\/Foto-Leticia-819x1024.jpeg 819w, https:\/\/www.sbq.org.br\/analitica\/wp-content\/uploads\/sites\/4\/2026\/08\/Foto-Leticia-768x960.jpeg 768w\" sizes=\"(max-width: 1024px) 100vw, 1024px\" \/><\/figure>\n\n\n\n<div class=\"wp-block-group is-vertical is-layout-flex wp-container-core-group-layout-3 wp-block-group-is-layout-flex\">\n<p class=\"is-layout-flow wp-block-paragraph-is-layout-flow\">  <strong>    Let\u00edcia Malta Costa<\/strong><br>      Vice-diretora<br>      Universidade Federal de Minas Gerais, UFMG<\/p>\n<\/div>\n<\/div>\n\n\n\n<div class=\"wp-block-group is-nowrap is-layout-flex wp-container-core-group-layout-6 wp-block-group-is-layout-flex\">\n<figure class=\"wp-block-image size-full is-resized\"><img loading=\"lazy\" decoding=\"async\" width=\"1236\" height=\"1600\" src=\"https:\/\/www.sbq.org.br\/analitica\/wp-content\/uploads\/sites\/4\/2026\/08\/FOTO-DANIEL.jpeg\" alt=\"\" class=\"wp-image-785\" style=\"width:94px;height:auto\" srcset=\"https:\/\/www.sbq.org.br\/analitica\/wp-content\/uploads\/sites\/4\/2026\/08\/FOTO-DANIEL.jpeg 1236w, https:\/\/www.sbq.org.br\/analitica\/wp-content\/uploads\/sites\/4\/2026\/08\/FOTO-DANIEL-232x300.jpeg 232w, https:\/\/www.sbq.org.br\/analitica\/wp-content\/uploads\/sites\/4\/2026\/08\/FOTO-DANIEL-791x1024.jpeg 791w, https:\/\/www.sbq.org.br\/analitica\/wp-content\/uploads\/sites\/4\/2026\/08\/FOTO-DANIEL-768x994.jpeg 768w, https:\/\/www.sbq.org.br\/analitica\/wp-content\/uploads\/sites\/4\/2026\/08\/FOTO-DANIEL-1187x1536.jpeg 1187w\" sizes=\"(max-width: 1236px) 100vw, 1236px\" \/><\/figure>\n\n\n\n<div class=\"wp-block-group is-vertical is-layout-flex wp-container-core-group-layout-5 wp-block-group-is-layout-flex\">\n<p class=\"is-layout-flow wp-block-paragraph-is-layout-flow\">      <strong>Daniel L\u00e1zaro Gallindo Borges<\/strong><br>      Tesoureiro<br>      Universidade Federal de Santa Catarina, UFSC<\/p>\n<\/div>\n<\/div>\n<\/div>\n<\/div>\n","protected":false},"excerpt":{"rendered":"<p>Menu de Navega\u00e7\u00e3o Vertical Sobre a divis\u00e3o Diretoria Gest\u00f5es anteriores Boletins Diretoria Gest\u00e3o 2026-2028 Kelly das Gra\u00e7as Fernandes Dantas Diretora Universidade Federal do Par\u00e1, UFPA Let\u00edcia Malta Costa Vice-diretora Universidade Federal de Minas Gerais, UFMG Daniel L\u00e1zaro Gallindo Borges Tesoureiro Universidade Federal de Santa Catarina, UFSC<\/p>\n","protected":false},"author":5,"featured_media":0,"parent":0,"menu_order":0,"comment_status":"closed","ping_status":"closed","template":"","meta":{"footnotes":""},"_links":{"self":[{"href":"https:\/\/www.sbq.org.br\/analitica\/wp-json\/wp\/v2\/pages\/434"}],"collection":[{"href":"https:\/\/www.sbq.org.br\/analitica\/wp-json\/wp\/v2\/pages"}],"about":[{"href":"https:\/\/www.sbq.org.br\/analitica\/wp-json\/wp\/v2\/types\/page"}],"author":[{"embeddable":true,"href":"https:\/\/www.sbq.org.br\/analitica\/wp-json\/wp\/v2\/users\/5"}],"replies":[{"embeddable":true,"href":"https:\/\/www.sbq.org.br\/analitica\/wp-json\/wp\/v2\/comments?post=434"}],"version-history":[{"count":33,"href":"https:\/\/www.sbq.org.br\/analitica\/wp-json\/wp\/v2\/pages\/434\/revisions"}],"predecessor-version":[{"id":839,"href":"https:\/\/www.sbq.org.br\/analitica\/wp-json\/wp\/v2\/pages\/434\/revisions\/839"}],"wp:attachment":[{"href":"https:\/\/www.sbq.org.br\/analitica\/wp-json\/wp\/v2\/media?parent=434"}],"curies":[{"name":"wp","href":"https:\/\/api.w.org\/{rel}","templated":true}]}}