{"id":388,"date":"2024-09-08T11:28:46","date_gmt":"2024-09-08T14:28:46","guid":{"rendered":"https:\/\/www.sbq.org.br\/analitica\/?page_id=388"},"modified":"2026-08-18T15:58:40","modified_gmt":"2026-08-18T18:58:40","slug":"gestoes-anteriores","status":"publish","type":"page","link":"https:\/\/www.sbq.org.br\/analitica\/gestoes-anteriores\/","title":{"rendered":"Gest\u00f5es Anteriores"},"content":{"rendered":"\n<div class=\"wp-block-columns is-layout-flex wp-container-core-columns-layout-1 wp-block-columns-is-layout-flex\">\n<div class=\"wp-block-column is-layout-flow wp-block-column-is-layout-flow\" style=\"flex-basis:33.33%\">\n<title>Menu de Navega\u00e7\u00e3o Vertical<\/title>\n  <style>\n    body {\n      font-family: Arial, sans-serif;\n      margin: 0;\n      padding: 0;\n    }\n\n    \/* Container do menu *\/\n    .menu {\n      width: 300px;\n      margin: 50px auto; \/* Centraliza o menu na p\u00e1gina *\/\n    }\n    \/* Estilos para os bot\u00f5es do menu *\/\n    .menu a {\n      display: block;\n      padding: 15px;\n      margin-bottom: 10px;\n      text-align: center;\n      text-decoration: none;\n      font-size: 18px;\n      color: white;\n      background-color: #c1d1dd; \/* Cor de fundo padr\u00e3o *\/\n      border-radius: 0px;\n      transition: background-color 0.3s ease; \/* Suaviza a transi\u00e7\u00e3o da cor *\/\n    }\n\n    \/* Cor de fundo ao passar o mouse *\/\n    .menu a:hover {\n      background-color: #a8bdcc; \/* Cor de fundo mais escura ao passar o mouse *\/\n    }\n    .menu a.selected {\n      background-color: #91a7b8; \/* Cor mais escura para o item selecionado *\/\n    }\n  <\/style>\n\n\n\n  <!-- Menu de navega\u00e7\u00e3o vertical -->\n\n<div class=\"menu\">\n    <a href=\"https:\/\/www.sbq.org.br\/analitica\/sobre-a-divisao-de-quimica-analitica\/\"><strong>Sobre a divis\u00e3o<\/strong><\/a>\n    <a href=\"https:\/\/www.sbq.org.br\/analitica\/diretoria\/\"><strong>Diretoria<\/strong><\/a>\n    <a href=\"https:\/\/www.sbq.org.br\/analitica\/gestoes-anteriores\/\" class=\"selected\"><strong>Gest\u00f5es anteriores<\/strong><\/a>\n    <a href=\"https:\/\/www.sbq.org.br\/analitica\/boletins\/\"><strong>Boletins<\/strong><\/a>\n  <\/div>\n<\/div>\n\n\n\n<div class=\"wp-block-column is-layout-flow wp-block-column-is-layout-flow\" style=\"flex-basis:66.66%\">\n<div id=\"section-g23d339\" class=\"wp-block-gutentor-e0 section-g23d339 gutentor-element gutentor-element-advanced-text\"><div class=\"gutentor-text-wrap\"><p class=\"gutentor-text\"><br><\/p><\/div><\/div>\n\n\n\n<h4 class=\"wp-block-heading\"><strong>Gest\u00f5es anteriores<\/strong><\/h4>\n\n\n\n<div id=\"section-g913848\" class=\"wp-block-gutentor-e0 section-g913848 gutentor-element gutentor-element-advanced-text\"><div class=\"gutentor-text-wrap\"><p class=\"gutentor-text\"><br><strong>2024-2026<\/strong><br><strong>Diretora:<\/strong>&nbsp;Paola de Azevedo Mello (UFSM)<br><strong>Vice-diretora:<\/strong>&nbsp;Kelly das Gra\u00e7as Fernandes Dantas (UFPA)<br><strong>Tesoureira:<\/strong>&nbsp;Let\u00edcia Malta Costa (UFMG)<br><br><strong>2022-2024<\/strong><br><strong>Diretor:<\/strong>&nbsp;Wendell KarlosTomazelli Coltro (UFG)<br><strong>Vice-diretora:<\/strong>&nbsp;Paola de Azevedo Mello (UFSM)<br><strong>Tesoureira:<\/strong>&nbsp;Kelly das Gra\u00e7as Fernandes Dantas (UFPA)<br>&nbsp;<br><strong>2020-2022<\/strong><br><strong>Diretor:<\/strong>&nbsp;Josu\u00e9 Carinhanha Caldas Santos (UFAL)<br><strong>Vice-diretor:<\/strong>&nbsp;Wendell KarlosTomazelli Coltro (UFG)<br><strong>Tesoureira:<\/strong>&nbsp;Paola de Azevedo Mello (UFSM)<br>&nbsp;<br><strong>2018-2020<\/strong><br><strong>Diretora:<\/strong>&nbsp;M\u00e1rcia Foster Mesko (UFPel)<br><strong>Vice-diretor:<\/strong>&nbsp;Josu\u00e9 Carinhanha Caldas Santos (UFAL)<br><strong>Tesoureiro:<\/strong>&nbsp;Wendell KarlosTomazelli Coltro (UFG)<br>&nbsp;<br><strong>2016-2018<\/strong><br><strong>Diretora:<\/strong>&nbsp;Cl\u00e9sia Cristina Nascentes (UFMG)<br><strong>Vice-diretora:<\/strong>&nbsp;M\u00e1rcia Foster Mesko (UFPel)<br><strong>Tesoureiro:<\/strong>&nbsp;Josu\u00e9 Carinhanha Caldas Santos (UFAL)<br>&nbsp;<br><strong>2014-2016<\/strong><br><strong>Diretora:<\/strong>&nbsp;Maria das Gra\u00e7as Andrade Korn (UFBA)<br><strong>Vice-diretora:<\/strong>&nbsp;Cl\u00e9sia Cristina Nascentes (UFMG)<br><strong>Tesoureira:<\/strong>&nbsp;M\u00e1rcia Foster Mesko (UFPel)<br>&nbsp;<br><strong>2012-2014<\/strong><br><strong>Diretor:<\/strong>&nbsp;Pedro Vitoriano Oliveira (USP)<br><strong>Vice-diretora:<\/strong>&nbsp;Maria das Gra\u00e7as Andrade Korn (UFBA)<br><strong>Tesoureira:<\/strong>&nbsp;Cl\u00e9sia Cristina Nascentes (UFMG)<br>&nbsp;<br><strong>2010-2012<\/strong><br><strong>Diretor:<\/strong>&nbsp;\u00c9rico Marlon de Moraes Flores (UFSM)<br><strong>Vice-diretor:<\/strong>&nbsp;Pedro Vitoriano Oliveira (USP)<br><strong>Tesoureira:<\/strong>&nbsp;Maria das Gra\u00e7as Andrade Korn (UFBA)<br>&nbsp;<br><strong>2008-2010<\/strong><br><strong>Diretor:<\/strong>&nbsp;F\u00e1bio Rodrigo Piovezani Rocha (USP)<br><strong>Vice-diretor:<\/strong>&nbsp;\u00c9rico Marlon de Moraes Flores (UFSM)<br><strong>Tesoureira:<\/strong>&nbsp;Maria das Gra\u00e7as Andrade Korn (UFBA)<br>&nbsp;<br><strong>2006-2008<\/strong><br><strong>Diretor:<\/strong>&nbsp;Renato Zanella (UFSM)<br><strong>Vice-diretora:<\/strong>&nbsp;Maria Fernanda Pimentel (UFPE)<br><strong>Tesoureiro:<\/strong>&nbsp;F\u00e1bio Rodrigo Piovezani Rocha (USP)<br>&nbsp;<br><strong>2004-2006<\/strong><br><strong>Diretor:<\/strong>&nbsp;Ricardo Erthal Santelli (UFF)<br><strong>Vice-diretor:<\/strong>&nbsp;Renato Zanella (UFSM)<br><strong>Tesoureira:<\/strong>&nbsp;Maria Fernanda Pimentel (UFPE)<br>&nbsp;<br><strong>2002-2004<\/strong><br><strong>Diretor:<\/strong>&nbsp;\u00c9rico Marlon de Moraes Flores (UFSM)<br><strong>Vice-diretor:<\/strong>&nbsp;Pedro Vitoriano Oliveira (USP)<br><strong>Tesoureira:<\/strong>&nbsp;Maria das Gra\u00e7as Andrade Korn (UFBA)<br>&nbsp;<br><strong>2000-2002<\/strong><br><strong>Diretor:<\/strong>&nbsp;Orlando Fatibello Filho (UFSCar)<br><strong>Vice-diretor:<\/strong>&nbsp;\u00c9rico Marlon de Moraes Flores (UFSM)<br><strong>Tesoureira:<\/strong>&nbsp;M\u00e1rio C\u00e9sar Ugulino de Araujo (UFPB)<br>&nbsp;<br><strong>1998-2000<\/strong><br><strong>Diretor:<\/strong>&nbsp;Elias Ayres Guidetti Zagatto (CENA-USP)<br><strong>Vice-diretor:<\/strong>&nbsp;C\u00e9lio Pasquini (UNICAMP)<br><strong>Tesoureira:<\/strong>&nbsp;Elizabeth de Oliveira (USP)<br>&nbsp;<br><strong>1996-1998<\/strong><br><strong>Diretor:<\/strong>&nbsp;C\u00e9lio Pasquini (UNICAMP)<br><strong>Vice-diretora:<\/strong>&nbsp;Nina Coichev (USP)<br><strong>Tesoureiro:<\/strong>&nbsp;Boaventura Freire dos Reis(CENA-USP)<br>&nbsp;<br><strong>1994-1998<\/strong><br><strong>Diretora:<\/strong>&nbsp;Carol Hollingworth Collins (UNICAMP)<br><strong>Vice-diretora:<\/strong>&nbsp;Carmem L\u00facia Porto da Silveira (PUC-Rio)<br><strong>Tesoureira:<\/strong>&nbsp;Elizabeth de Oliveira (USP)<\/p><\/div><\/div>\n<\/div>\n<\/div>\n","protected":false},"excerpt":{"rendered":"<p>Menu de Navega\u00e7\u00e3o Vertical Sobre a divis\u00e3o Diretoria Gest\u00f5es anteriores Boletins Gest\u00f5es anteriores<\/p>\n","protected":false},"author":5,"featured_media":0,"parent":0,"menu_order":0,"comment_status":"closed","ping_status":"closed","template":"","meta":{"footnotes":""},"_links":{"self":[{"href":"https:\/\/www.sbq.org.br\/analitica\/wp-json\/wp\/v2\/pages\/388"}],"collection":[{"href":"https:\/\/www.sbq.org.br\/analitica\/wp-json\/wp\/v2\/pages"}],"about":[{"href":"https:\/\/www.sbq.org.br\/analitica\/wp-json\/wp\/v2\/types\/page"}],"author":[{"embeddable":true,"href":"https:\/\/www.sbq.org.br\/analitica\/wp-json\/wp\/v2\/users\/5"}],"replies":[{"embeddable":true,"href":"https:\/\/www.sbq.org.br\/analitica\/wp-json\/wp\/v2\/comments?post=388"}],"version-history":[{"count":34,"href":"https:\/\/www.sbq.org.br\/analitica\/wp-json\/wp\/v2\/pages\/388\/revisions"}],"predecessor-version":[{"id":840,"href":"https:\/\/www.sbq.org.br\/analitica\/wp-json\/wp\/v2\/pages\/388\/revisions\/840"}],"wp:attachment":[{"href":"https:\/\/www.sbq.org.br\/analitica\/wp-json\/wp\/v2\/media?parent=388"}],"curies":[{"name":"wp","href":"https:\/\/api.w.org\/{rel}","templated":true}]}}