{"id":388,"date":"2024-09-08T11:28:46","date_gmt":"2024-09-08T14:28:46","guid":{"rendered":"https:\/\/www.sbq.org.br\/analitica\/?page_id=388"},"modified":"2024-09-16T23:43:07","modified_gmt":"2024-09-17T02:43:07","slug":"gestoes-anteriores","status":"publish","type":"page","link":"https:\/\/www.sbq.org.br\/analitica\/gestoes-anteriores\/","title":{"rendered":"Gest\u00f5es Anteriores"},"content":{"rendered":"\n<div class=\"wp-block-columns is-layout-flex wp-container-core-columns-layout-1 wp-block-columns-is-layout-flex\">\n<div class=\"wp-block-column is-layout-flow wp-block-column-is-layout-flow\" style=\"flex-basis:33.33%\">\n<title>Menu de Navega\u00e7\u00e3o Vertical<\/title>\n  <style>\n    body {\n      font-family: Arial, sans-serif;\n      margin: 0;\n      padding: 0;\n    }\n\n    \/* Container do menu *\/\n    .menu {\n      width: 300px;\n      margin: 50px auto; \/* Centraliza o menu na p\u00e1gina *\/\n    }\n    \/* Estilos para os bot\u00f5es do menu *\/\n    .menu a {\n      display: block;\n      padding: 15px;\n      margin-bottom: 10px;\n      text-align: center;\n      text-decoration: none;\n      font-size: 18px;\n      color: white;\n      background-color: #c1d1dd; \/* Cor de fundo padr\u00e3o *\/\n      border-radius: 0px;\n      transition: background-color 0.3s ease; \/* Suaviza a transi\u00e7\u00e3o da cor *\/\n    }\n\n    \/* Cor de fundo ao passar o mouse *\/\n    .menu a:hover {\n      background-color: #a8bdcc; \/* Cor de fundo mais escura ao passar o mouse *\/\n    }\n    .menu a.selected {\n      background-color: #91a7b8; \/* Cor mais escura para o item selecionado *\/\n    }\n  <\/style>\n\n\n\n  <!-- Menu de navega\u00e7\u00e3o vertical -->\n\n<div class=\"menu\">\n    <a href=\"https:\/\/www.sbq.org.br\/analitica\/sobre-a-divisao-de-quimica-analitica\/\"><strong>Sobre a divis\u00e3o<\/strong><\/a>\n    <a href=\"https:\/\/www.sbq.org.br\/analitica\/diretoria\/\"><strong>Diretoria<\/strong><\/a>\n    <a href=\"https:\/\/www.sbq.org.br\/analitica\/gestoes-anteriores\/\" class=\"selected\"><strong>Gest\u00f5es anteriores<\/strong><\/a>\n    <a href=\"https:\/\/www.sbq.org.br\/analitica\/boletins\/\"><strong>Boletins<\/strong><\/a>\n  <\/div>\n<\/div>\n\n\n\n<div class=\"wp-block-column is-layout-flow wp-block-column-is-layout-flow\" style=\"flex-basis:66.66%\">\n<title>Lista de Subt\u00edtulos<\/title>\n    <style>\n        .lista-branca {\n            background-color: #f9f9f9;\n            border: 1px solid #ccc;\n            padding: 20px;\n            width: 800px;\n            margin-top: 50px;\n            margin-right: 20px;\n            font-family: Arial, sans-serif;\n            list-style-type: none; \/* Remove os c\u00edrculos *\/\n            line-height: 1.2; \/* Diminui o espa\u00e7amento entre as linhas *\/\n        }\n        .lista-branca li {\n            margin-bottom: 5px; \/* Diminui o espa\u00e7o entre os itens *\/\n        }\n        .item-principal {\n            font-weight: bold;\n            margin-top: 20px;\n        }\n        .primeiro-item {\n            font-weight: bold;\n}\n    <\/style>\n\n\n    <ul class=\"lista-branca\">\n        <li class=\"primeiro-item\">2024-2026<\/li>\n        <li><strong>Diretora:<\/strong> Paola de Azevedo Mello (UFSM)<\/li>\n        <li><strong>Vice-diretora:<\/strong> Kelly das Gra\u00e7as Fernandes Dantas (UFPA)<\/li>\n        <li><strong>Tesoureira:<\/strong> Let\u00edcia Malta Costa (UFMG)<\/li>\n\n        <li class=\"item-principal\">2022-2024<\/li>\n        <li><strong>Diretor:<\/strong> Wendell KarlosTomazelli Coltro (UFG)<\/li>\n        <li><strong>Vice-diretora:<\/strong> Paola de Azevedo Mello (UFSM)<\/li>\n        <li><strong>Tesoureira:<\/strong> Kelly das Gra\u00e7as Fernandes Dantas (UFPA)<\/li>\n\n        <li class=\"item-principal\">2020-2022<\/li>\n        <li><strong>Diretor:<\/strong> Josu\u00e9 Carinhanha Caldas Santos (UFAL)<\/li>\n        <li><strong>Vice-diretor:<\/strong> Wendell KarlosTomazelli Coltro (UFG)<\/li>\n        <li><strong>Tesoureira:<\/strong> Paola de Azevedo Mello (UFSM)<\/li>\n\n        <li class=\"item-principal\">2018-2020<\/li>\n        <li><strong>Diretora:<\/strong> M\u00e1rcia Foster Mesko (UFPel)<\/li>\n        <li><strong>Vice-diretor:<\/strong> Josu\u00e9 Carinhanha Caldas Santos (UFAL)<\/li>\n        <li><strong>Tesoureiro:<\/strong> Wendell KarlosTomazelli Coltro (UFG)<\/li>\n\n        <li class=\"item-principal\">2016-2018<\/li>\n        <li><strong>Diretora:<\/strong> Cl\u00e9sia Cristina Nascentes (UFMG)<\/li>\n        <li><strong>Vice-diretora:<\/strong> M\u00e1rcia Foster Mesko (UFPel)<\/li>\n        <li><strong>Tesoureiro:<\/strong> Josu\u00e9 Carinhanha Caldas Santos (UFAL)<\/li>\n\n        <li class=\"item-principal\">2014-2016<\/li>\n        <li><strong>Diretora:<\/strong> Maria das Gra\u00e7as Andrade Korn (UFBA)<\/li>\n        <li><strong>Vice-diretora:<\/strong> Cl\u00e9sia Cristina Nascentes (UFMG)<\/li>\n        <li><strong>Tesoureira:<\/strong> M\u00e1rcia Foster Mesko (UFPel)<\/li>\n\n        <li class=\"item-principal\">2012-2014<\/li>\n        <li><strong>Diretor:<\/strong> Pedro Vitoriano Oliveira (USP)<\/li>\n        <li><strong>Vice-diretora:<\/strong> Maria das Gra\u00e7as Andrade Korn (UFBA)<\/li>\n        <li><strong>Tesoureira:<\/strong> Cl\u00e9sia Cristina Nascentes (UFMG)<\/li>\n\n        <li class=\"item-principal\">2010-2012<\/li>\n        <li><strong>Diretor:<\/strong> \u00c9rico Marlon de Moraes Flores (UFSM)<\/li>\n        <li><strong>Vice-diretor:<\/strong> Pedro Vitoriano Oliveira (USP)<\/li>\n        <li><strong>Tesoureira:<\/strong> Maria das Gra\u00e7as Andrade Korn (UFBA)<\/li>\n\n        <li class=\"item-principal\">2008-2010<\/li>\n        <li><strong>Diretor:<\/strong> F\u00e1bio Rodrigo Piovezani Rocha (USP)<\/li>\n        <li><strong>Vice-diretor:<\/strong> \u00c9rico Marlon de Moraes Flores (UFSM)<\/li>\n        <li><strong>Tesoureira:<\/strong> Maria das Gra\u00e7as Andrade Korn (UFBA)<\/li>\n\n        <li class=\"item-principal\">2006-2008<\/li>\n        <li><strong>Diretor:<\/strong> Renato Zanella (UFSM)<\/li>\n        <li><strong>Vice-diretora:<\/strong> Maria Fernanda Pimentel (UFPE)<\/li>\n        <li><strong>Tesoureiro:<\/strong> F\u00e1bio Rodrigo Piovezani Rocha(USP)<\/li>\n\n        <li class=\"item-principal\">2004-2006<\/li>\n        <li><strong>Diretor:<\/strong> Ricardo Erthal Santelli (UFF)<\/li>\n        <li><strong>Vice-diretor:<\/strong> Renato Zanella (UFSM)<\/li>\n        <li><strong>Tesoureira:<\/strong> Maria Fernanda Pimentel (UFPE)<\/li>\n\n        <li class=\"item-principal\">2002-2004<\/li>\n        <li><strong>Diretor:<\/strong> \u00c9rico Marlon de Moraes Flores (UFSM)<\/li>\n        <li><strong>Vice-diretor:<\/strong> Pedro Vitoriano Oliveira (USP)<\/li>\n        <li><strong>Tesoureira:<\/strong> Maria das Gra\u00e7as Andrade Korn (UFBA)<\/li>\n\n        <li class=\"item-principal\">2000-2002<\/li>\n        <li><strong>Diretor:<\/strong> Orlando Fatibello Filho (UFSCar)<\/li>\n        <li><strong>Vice-diretor:<\/strong> \u00c9rico Marlon de Moraes Flores (UFSM)<\/li>\n        <li><strong>Tesoureira:<\/strong> M\u00e1rio C\u00e9sar Ugulino de Araujo (UFPB)<\/li>\n\n        <li class=\"item-principal\">1998-2000<\/li>\n        <li><strong>Diretor:<\/strong> Elias Ayres Guidetti Zagatto (CENA-USP)<\/li>\n        <li><strong>Vice-diretor:<\/strong> C\u00e9lio Pasquini (UNICAMP)<\/li>\n        <li><strong>Tesoureira:<\/strong> Elizabeth de Oliveira (USP)<\/li>\n\n        <li class=\"item-principal\">1996-1998<\/li>\n        <li><strong>Diretor:<\/strong> C\u00e9lio Pasquini (UNICAMP)<\/li>\n        <li><strong>Vice-diretora:<\/strong> Nina Coichev (USP)<\/li>\n        <li><strong>Tesoureiro:<\/strong> Boaventura Freire dos Reis(CENA-USP)<\/li>\n\n        <li class=\"item-principal\">1994-1998<\/li>\n        <li><strong>Diretora:<\/strong> Carol Hollingworth Collins (UNICAMP)<\/li>\n        <li><strong>Vice-diretora:<\/strong> Carmem L\u00facia Porto da Silveira (PUC-Rio)<\/li>\n        <li><strong>Tesoureira:<\/strong> Elizabeth de Oliveira (USP)<\/li>\n\n       \n    <\/ul>\n<\/div>\n<\/div>\n","protected":false},"excerpt":{"rendered":"<p>Menu de Navega\u00e7\u00e3o Vertical Sobre a divis\u00e3o Diretoria Gest\u00f5es anteriores Boletins Lista de Subt\u00edtulos 2024-2026 Diretora: Paola de Azevedo Mello (UFSM) Vice-diretora: Kelly das Gra\u00e7as Fernandes Dantas (UFPA) Tesoureira: Let\u00edcia Malta Costa (UFMG) 2022-2024 Diretor: Wendell KarlosTomazelli Coltro (UFG) Vice-diretora: Paola de Azevedo Mello (UFSM) Tesoureira: Kelly das Gra\u00e7as Fernandes Dantas (UFPA) 2020-2022 Diretor: Josu\u00e9 [&hellip;]<\/p>\n","protected":false},"author":5,"featured_media":0,"parent":0,"menu_order":0,"comment_status":"closed","ping_status":"closed","template":"","meta":{"footnotes":""},"_links":{"self":[{"href":"https:\/\/www.sbq.org.br\/analitica\/wp-json\/wp\/v2\/pages\/388"}],"collection":[{"href":"https:\/\/www.sbq.org.br\/analitica\/wp-json\/wp\/v2\/pages"}],"about":[{"href":"https:\/\/www.sbq.org.br\/analitica\/wp-json\/wp\/v2\/types\/page"}],"author":[{"embeddable":true,"href":"https:\/\/www.sbq.org.br\/analitica\/wp-json\/wp\/v2\/users\/5"}],"replies":[{"embeddable":true,"href":"https:\/\/www.sbq.org.br\/analitica\/wp-json\/wp\/v2\/comments?post=388"}],"version-history":[{"count":24,"href":"https:\/\/www.sbq.org.br\/analitica\/wp-json\/wp\/v2\/pages\/388\/revisions"}],"predecessor-version":[{"id":726,"href":"https:\/\/www.sbq.org.br\/analitica\/wp-json\/wp\/v2\/pages\/388\/revisions\/726"}],"wp:attachment":[{"href":"https:\/\/www.sbq.org.br\/analitica\/wp-json\/wp\/v2\/media?parent=388"}],"curies":[{"name":"wp","href":"https:\/\/api.w.org\/{rel}","templated":true}]}}