{"id":3,"date":"2014-09-26T21:09:51","date_gmt":"2014-09-27T00:09:51","guid":{"rendered":"https:\/\/www.sbq.org.br\/divisao_analitica\/sobre-a-divisao-de-quimica-analitica\/"},"modified":"2024-09-16T23:28:22","modified_gmt":"2024-09-17T02:28:22","slug":"sobre-a-divisao-de-quimica-analitica","status":"publish","type":"page","link":"https:\/\/www.sbq.org.br\/analitica\/sobre-a-divisao-de-quimica-analitica\/","title":{"rendered":"Sobre a Divis\u00e3o de Qu\u00edmica Anal\u00edtica"},"content":{"rendered":"\n<div class=\"wp-block-columns is-layout-flex wp-container-core-columns-layout-1 wp-block-columns-is-layout-flex\">\n<div class=\"wp-block-column is-layout-flow wp-block-column-is-layout-flow\" style=\"flex-basis:33.33%\">\n<title>Menu de Navega\u00e7\u00e3o Vertical<\/title>\n  <style>\n    body {\n      font-family: Arial, sans-serif;\n      margin: 0;\n      padding: 0;\n\n    }\n\n    \/* Container do menu *\/\n    .menu {\n      width: 300px;\n      margin: 50px auto; \/* Centraliza o menu na p\u00e1gina *\/\n    }\n    \/* Estilos para os bot\u00f5es do menu *\/\n    .menu a {\n      display: block;\n      padding: 15px;\n      margin-bottom: 10px;\n      text-align: center;\n      text-decoration: none;\n      font-size: 18px;\n      color: white;\n      background-color: #c1d1dd; \/* Cor de fundo padr\u00e3o *\/\n      border-radius: 0px;\n      transition: background-color 0.3s ease; \/* Suaviza a transi\u00e7\u00e3o da cor *\/\n    }\n\n    \/* Cor de fundo ao passar o mouse *\/\n    .menu a:hover {\n      background-color: #a8bdcc; \/* Cor de fundo mais escura ao passar o mouse *\/\n    }\n    .menu a.selected {\n      background-color: #91a7b8; \/* Cor mais escura para o item selecionado *\/\n    }\n  <\/style>\n\n\n\n  <!-- Menu de navega\u00e7\u00e3o vertical -->\n\n<div class=\"menu\">\n    <a href=\"https:\/\/www.sbq.org.br\/analitica\/sobre-a-divisao-de-quimica-analitica\/\" class=\"selected\"><strong>Sobre a divis\u00e3o<\/strong><\/a>\n    <a href=\"https:\/\/www.sbq.org.br\/analitica\/diretoria\/\"><strong>Diretoria<\/strong><\/a>\n\n    <a href=\"https:\/\/www.sbq.org.br\/analitica\/gestoes-anteriores\/\"><strong>Gest\u00f5es anteriores<\/strong><\/a>\n    <a href=\"https:\/\/www.sbq.org.br\/analitica\/boletins\/\"><strong>Boletins<\/strong><\/a>\n  <\/div>\n<\/div>\n\n\n\n<div class=\"wp-block-column is-layout-flow wp-block-column-is-layout-flow\" style=\"flex-basis:66.66%\">\n<style>\n.caixa-texto {\n   background-color: #f4f4f4;\n   border: 1px solid #ccc;\n   padding: 20px;\n   width: 800px;\n   text-align: justify;\n   font-family: Arial, sans-serif;\n   margin-top: 50px; \n}\n<\/style>\n\n<div class=\"caixa-texto\">\nA Divis\u00e3o de Qu\u00edmica Anal\u00edtica visa integrar os associados que atuam na \u00e1rea atrav\u00e9s de atividades de ensino, pesquisa e extens\u00e3o.\n<\/div>\n<\/div>\n<\/div>\n","protected":false},"excerpt":{"rendered":"<p>Menu de Navega\u00e7\u00e3o Vertical Sobre a divis\u00e3o Diretoria Gest\u00f5es anteriores Boletins A Divis\u00e3o de Qu\u00edmica Anal\u00edtica visa integrar os associados que atuam na \u00e1rea atrav\u00e9s de atividades de ensino, pesquisa e extens\u00e3o.<\/p>\n","protected":false},"author":1,"featured_media":0,"parent":0,"menu_order":0,"comment_status":"closed","ping_status":"closed","template":"","meta":{"footnotes":""},"_links":{"self":[{"href":"https:\/\/www.sbq.org.br\/analitica\/wp-json\/wp\/v2\/pages\/3"}],"collection":[{"href":"https:\/\/www.sbq.org.br\/analitica\/wp-json\/wp\/v2\/pages"}],"about":[{"href":"https:\/\/www.sbq.org.br\/analitica\/wp-json\/wp\/v2\/types\/page"}],"author":[{"embeddable":true,"href":"https:\/\/www.sbq.org.br\/analitica\/wp-json\/wp\/v2\/users\/1"}],"replies":[{"embeddable":true,"href":"https:\/\/www.sbq.org.br\/analitica\/wp-json\/wp\/v2\/comments?post=3"}],"version-history":[{"count":23,"href":"https:\/\/www.sbq.org.br\/analitica\/wp-json\/wp\/v2\/pages\/3\/revisions"}],"predecessor-version":[{"id":718,"href":"https:\/\/www.sbq.org.br\/analitica\/wp-json\/wp\/v2\/pages\/3\/revisions\/718"}],"wp:attachment":[{"href":"https:\/\/www.sbq.org.br\/analitica\/wp-json\/wp\/v2\/media?parent=3"}],"curies":[{"name":"wp","href":"https:\/\/api.w.org\/{rel}","templated":true}]}}